{"id":2275,"date":"2022-09-02T14:21:58","date_gmt":"2022-09-02T12:21:58","guid":{"rendered":"https:\/\/aiguilhe.eu\/?page_id=2275"},"modified":"2024-06-06T11:10:56","modified_gmt":"2024-06-06T09:10:56","slug":"micro-creche","status":"publish","type":"page","link":"https:\/\/aiguilhe.fr\/index.php\/micro-creche\/","title":{"rendered":"Micro-cr\u00e8che"},"content":{"rendered":"\t\t<div data-elementor-type=\"wp-post\" data-elementor-id=\"2275\" class=\"elementor elementor-2275\">\n\t\t\t\t\t\t<section class=\"elementor-section elementor-top-section elementor-element elementor-element-cec4fde elementor-section-height-min-height elementor-section-items-stretch elementor-section-content-top elementor-section-stretched elementor-section-boxed elementor-section-height-default\" data-id=\"cec4fde\" data-element_type=\"section\" data-e-type=\"section\" data-settings=\"{&quot;background_background&quot;:&quot;classic&quot;,&quot;stretch_section&quot;:&quot;section-stretched&quot;}\">\n\t\t\t\t\t\t<div class=\"elementor-container elementor-column-gap-default\">\n\t\t\t\t\t<div class=\"elementor-column elementor-col-50 elementor-top-column elementor-element elementor-element-635fe47\" data-id=\"635fe47\" data-element_type=\"column\" data-e-type=\"column\">\n\t\t\t<div class=\"elementor-widget-wrap\">\n\t\t\t\t\t\t\t<\/div>\n\t\t<\/div>\n\t\t\t\t<div class=\"elementor-column elementor-col-50 elementor-top-column elementor-element elementor-element-d4e352b\" data-id=\"d4e352b\" data-element_type=\"column\" data-e-type=\"column\">\n\t\t\t<div class=\"elementor-widget-wrap elementor-element-populated\">\n\t\t\t\t\t\t<div class=\"elementor-element elementor-element-a767066 elementor-widget elementor-widget-heading\" data-id=\"a767066\" data-element_type=\"widget\" data-e-type=\"widget\" data-widget_type=\"heading.default\">\n\t\t\t\t<div class=\"elementor-widget-container\">\n\t\t\t\t\t<h1 class=\"elementor-heading-title elementor-size-default\">Micro-cr\u00e8che \u00e0 Aiguilhe<\/h1>\t\t\t\t<\/div>\n\t\t\t\t<\/div>\n\t\t\t\t\t<\/div>\n\t\t<\/div>\n\t\t\t\t\t<\/div>\n\t\t<\/section>\n\t\t\t\t<section class=\"elementor-section elementor-top-section elementor-element elementor-element-4a762e2 elementor-section-boxed elementor-section-height-default elementor-section-height-default\" data-id=\"4a762e2\" data-element_type=\"section\" data-e-type=\"section\">\n\t\t\t\t\t\t<div class=\"elementor-container elementor-column-gap-default\">\n\t\t\t\t\t<div class=\"elementor-column elementor-col-100 elementor-top-column elementor-element elementor-element-814aca9\" data-id=\"814aca9\" data-element_type=\"column\" data-e-type=\"column\">\n\t\t\t<div class=\"elementor-widget-wrap elementor-element-populated\">\n\t\t\t\t\t\t<div class=\"elementor-element elementor-element-88c29a1 elementor-widget elementor-widget-heading\" data-id=\"88c29a1\" data-element_type=\"widget\" data-e-type=\"widget\" data-widget_type=\"heading.default\">\n\t\t\t\t<div class=\"elementor-widget-container\">\n\t\t\t\t\t<h2 class=\"elementor-heading-title elementor-size-default\">Micro-cr\u00e8che de Fil en Aiguilhe<\/h2>\t\t\t\t<\/div>\n\t\t\t\t<\/div>\n\t\t\t\t\t<\/div>\n\t\t<\/div>\n\t\t\t\t\t<\/div>\n\t\t<\/section>\n\t\t\t\t<section class=\"elementor-section elementor-top-section elementor-element elementor-element-540f6fe elementor-section-boxed elementor-section-height-default elementor-section-height-default\" data-id=\"540f6fe\" data-element_type=\"section\" data-e-type=\"section\">\n\t\t\t\t\t\t<div class=\"elementor-container elementor-column-gap-default\">\n\t\t\t\t\t<div class=\"elementor-column elementor-col-50 elementor-top-column elementor-element elementor-element-782106d\" data-id=\"782106d\" data-element_type=\"column\" data-e-type=\"column\">\n\t\t\t<div class=\"elementor-widget-wrap elementor-element-populated\">\n\t\t\t\t\t\t<div class=\"elementor-element elementor-element-18c99ca elementor-widget elementor-widget-image\" data-id=\"18c99ca\" data-element_type=\"widget\" data-e-type=\"widget\" data-widget_type=\"image.default\">\n\t\t\t\t<div class=\"elementor-widget-container\">\n\t\t\t\t\t\t\t\t\t\t\t\t\t\t\t\t<a href=\"https:\/\/aiguilhe.fr\/wp-content\/uploads\/2022\/09\/P1030448-scaled.jpg\" data-elementor-open-lightbox=\"yes\" data-elementor-lightbox-title=\"b\u00e2timent micro-creche\" data-elementor-lightbox-description=\"b\u00e2timent micro-cr\u00e8che\" data-e-action-hash=\"#elementor-action%3Aaction%3Dlightbox%26settings%3DeyJpZCI6MjI3NywidXJsIjoiaHR0cHM6XC9cL2FpZ3VpbGhlLmZyXC93cC1jb250ZW50XC91cGxvYWRzXC8yMDIyXC8wOVwvUDEwMzA0NDgtc2NhbGVkLmpwZyJ9\">\n\t\t\t\t\t\t\t<img fetchpriority=\"high\" decoding=\"async\" width=\"1024\" height=\"768\" src=\"https:\/\/aiguilhe.fr\/wp-content\/uploads\/2022\/09\/P1030448-1024x768.jpg\" class=\"attachment-large size-large wp-image-2277\" alt=\"\" srcset=\"https:\/\/aiguilhe.fr\/wp-content\/uploads\/2022\/09\/P1030448-1024x768.jpg 1024w, https:\/\/aiguilhe.fr\/wp-content\/uploads\/2022\/09\/P1030448-300x225.jpg 300w, https:\/\/aiguilhe.fr\/wp-content\/uploads\/2022\/09\/P1030448-768x576.jpg 768w, https:\/\/aiguilhe.fr\/wp-content\/uploads\/2022\/09\/P1030448-1536x1152.jpg 1536w, https:\/\/aiguilhe.fr\/wp-content\/uploads\/2022\/09\/P1030448-2048x1536.jpg 2048w\" sizes=\"(max-width: 1024px) 100vw, 1024px\" \/>\t\t\t\t\t\t\t\t<\/a>\n\t\t\t\t\t\t\t\t\t\t\t\t\t\t\t<\/div>\n\t\t\t\t<\/div>\n\t\t\t\t\t<\/div>\n\t\t<\/div>\n\t\t\t\t<div class=\"elementor-column elementor-col-50 elementor-top-column elementor-element elementor-element-d8f220c\" data-id=\"d8f220c\" data-element_type=\"column\" data-e-type=\"column\">\n\t\t\t<div class=\"elementor-widget-wrap elementor-element-populated\">\n\t\t\t\t\t\t<div class=\"elementor-element elementor-element-9eb3888 elementor-widget elementor-widget-text-editor\" data-id=\"9eb3888\" data-element_type=\"widget\" data-e-type=\"widget\" data-widget_type=\"text-editor.default\">\n\t\t\t\t<div class=\"elementor-widget-container\">\n\t\t\t\t\t\t\t\t\t<p><strong>La micro-cr\u00e8che d\u2019Aiguilhe<\/strong> propose \u00e0 chaque enfant, selon son rythme, d\u2019acqu\u00e9rir suffisamment de rep\u00e8res et d\u2019assurance qui lui permettront d\u2019appr\u00e9hender sa future vie en collectivit\u00e9 avec ses imp\u00e9ratifs.<\/p><p><strong>L\u2019agr\u00e9ment est actuellement de 10 enfants<\/strong>.<\/p><p>La micro-cr\u00e8che est ouverte du lundi au vendredi de 7h30 \u00e0 18h30.<\/p><p>\u00a0<\/p>\t\t\t\t\t\t\t\t<\/div>\n\t\t\t\t<\/div>\n\t\t\t\t\t<\/div>\n\t\t<\/div>\n\t\t\t\t\t<\/div>\n\t\t<\/section>\n\t\t\t\t<section class=\"elementor-section elementor-top-section elementor-element elementor-element-e128141 elementor-section-boxed elementor-section-height-default elementor-section-height-default\" data-id=\"e128141\" data-element_type=\"section\" data-e-type=\"section\" data-settings=\"{&quot;background_background&quot;:&quot;classic&quot;}\">\n\t\t\t\t\t\t<div class=\"elementor-container elementor-column-gap-default\">\n\t\t\t\t\t<div class=\"elementor-column elementor-col-50 elementor-top-column elementor-element elementor-element-c7ddc46\" data-id=\"c7ddc46\" data-element_type=\"column\" data-e-type=\"column\">\n\t\t\t<div class=\"elementor-widget-wrap elementor-element-populated\">\n\t\t\t\t\t\t<div class=\"elementor-element elementor-element-d4111bf elementor-widget elementor-widget-text-editor\" data-id=\"d4111bf\" data-element_type=\"widget\" data-e-type=\"widget\" data-widget_type=\"text-editor.default\">\n\t\t\t\t<div class=\"elementor-widget-container\">\n\t\t\t\t\t\t\t\t\t<p>Quatre professionnelles (Elia, Lucette, Sandra et C\u00e9line), auxiliaires de soins, ainsi que la responsable technique, Agn\u00e8s, veillent au bon d\u00e9veloppement physique, psychologique, affectif et relationnel des enfants qui leur sont confi\u00e9s.<br \/>La micro-cr\u00e8che est g\u00e9r\u00e9e par l\u2019Association Micro-cr\u00e8che Agglom\u00e9ration ADMR dont le si\u00e8ge est \u00e0 Chadrac.<br \/>Cette structure d\u2019accueil est id\u00e9ale pour permettre aux enfants de cr\u00e9er des liens entre eux,\u00a0 liens qui pourront par la suite perdurer lorsque les enfants feront la passerelle avec l\u2019\u00e9cole maternelle voisine de la Coustette. Ainsi, selon l\u2019\u00e9volution de l\u2019enfant et la volont\u00e9 des parents, le petit \u00e9colier, scolaris\u00e9 certains matins, est accueilli par les auxiliaires d\u00e8s la fin de la matin\u00e9e. Il partage les repas, se repose et vit des temps d\u2019activit\u00e9s libres avec les autres enfants de la micro-cr\u00e8che jusqu\u2019\u00e0 l\u2019arriv\u00e9e de ses parents en fin de journ\u00e9e.<\/p>\t\t\t\t\t\t\t\t<\/div>\n\t\t\t\t<\/div>\n\t\t\t\t\t<\/div>\n\t\t<\/div>\n\t\t\t\t<div class=\"elementor-column elementor-col-50 elementor-top-column elementor-element elementor-element-c9c6d91\" data-id=\"c9c6d91\" data-element_type=\"column\" data-e-type=\"column\">\n\t\t\t<div class=\"elementor-widget-wrap elementor-element-populated\">\n\t\t\t\t\t\t<div class=\"elementor-element elementor-element-698b65b elementor-widget elementor-widget-image\" data-id=\"698b65b\" data-element_type=\"widget\" data-e-type=\"widget\" data-widget_type=\"image.default\">\n\t\t\t\t<div class=\"elementor-widget-container\">\n\t\t\t\t\t\t\t\t\t\t\t\t\t\t\t\t<a href=\"https:\/\/aiguilhe.fr\/wp-content\/uploads\/2022\/09\/IMG_20190709_183921-scaled.jpg\" data-elementor-open-lightbox=\"yes\" data-elementor-lightbox-title=\"IMG_20190709_183921\" data-elementor-lightbox-description=\"personnel micro-cr\u00e8che\" data-e-action-hash=\"#elementor-action%3Aaction%3Dlightbox%26settings%3DeyJpZCI6MjI4MywidXJsIjoiaHR0cHM6XC9cL2FpZ3VpbGhlLmZyXC93cC1jb250ZW50XC91cGxvYWRzXC8yMDIyXC8wOVwvSU1HXzIwMTkwNzA5XzE4MzkyMS1zY2FsZWQuanBnIn0%3D\">\n\t\t\t\t\t\t\t<img decoding=\"async\" width=\"1024\" height=\"704\" src=\"https:\/\/aiguilhe.fr\/wp-content\/uploads\/2022\/09\/IMG_20190709_183921-1024x704.jpg\" class=\"attachment-large size-large wp-image-2283\" alt=\"\" srcset=\"https:\/\/aiguilhe.fr\/wp-content\/uploads\/2022\/09\/IMG_20190709_183921-1024x704.jpg 1024w, https:\/\/aiguilhe.fr\/wp-content\/uploads\/2022\/09\/IMG_20190709_183921-300x206.jpg 300w, https:\/\/aiguilhe.fr\/wp-content\/uploads\/2022\/09\/IMG_20190709_183921-768x528.jpg 768w, https:\/\/aiguilhe.fr\/wp-content\/uploads\/2022\/09\/IMG_20190709_183921-1536x1056.jpg 1536w, https:\/\/aiguilhe.fr\/wp-content\/uploads\/2022\/09\/IMG_20190709_183921-2048x1408.jpg 2048w\" sizes=\"(max-width: 1024px) 100vw, 1024px\" \/>\t\t\t\t\t\t\t\t<\/a>\n\t\t\t\t\t\t\t\t\t\t\t\t\t\t\t<\/div>\n\t\t\t\t<\/div>\n\t\t\t\t\t<\/div>\n\t\t<\/div>\n\t\t\t\t\t<\/div>\n\t\t<\/section>\n\t\t\t\t<section class=\"elementor-section elementor-top-section elementor-element elementor-element-ef3898f elementor-section-boxed elementor-section-height-default elementor-section-height-default\" data-id=\"ef3898f\" data-element_type=\"section\" data-e-type=\"section\">\n\t\t\t\t\t\t<div class=\"elementor-container elementor-column-gap-default\">\n\t\t\t\t\t<div class=\"elementor-column elementor-col-50 elementor-top-column elementor-element elementor-element-bd3fc12\" data-id=\"bd3fc12\" data-element_type=\"column\" data-e-type=\"column\">\n\t\t\t<div class=\"elementor-widget-wrap elementor-element-populated\">\n\t\t\t\t\t\t<div class=\"elementor-element elementor-element-f7c6b6c elementor-widget elementor-widget-image\" data-id=\"f7c6b6c\" data-element_type=\"widget\" data-e-type=\"widget\" data-widget_type=\"image.default\">\n\t\t\t\t<div class=\"elementor-widget-container\">\n\t\t\t\t\t\t\t\t\t\t\t\t\t\t\t\t<a href=\"https:\/\/aiguilhe.fr\/wp-content\/uploads\/2022\/09\/creche-enfant-scaled.jpg\" data-elementor-open-lightbox=\"yes\" data-elementor-lightbox-title=\"creche enfant\" data-elementor-lightbox-description=\"enfant micro-cr\u00e8che\" data-e-action-hash=\"#elementor-action%3Aaction%3Dlightbox%26settings%3DeyJpZCI6MjI4NywidXJsIjoiaHR0cHM6XC9cL2FpZ3VpbGhlLmZyXC93cC1jb250ZW50XC91cGxvYWRzXC8yMDIyXC8wOVwvY3JlY2hlLWVuZmFudC1zY2FsZWQuanBnIn0%3D\">\n\t\t\t\t\t\t\t<img decoding=\"async\" width=\"1024\" height=\"768\" src=\"https:\/\/aiguilhe.fr\/wp-content\/uploads\/2022\/09\/creche-enfant-1024x768.jpg\" class=\"attachment-large size-large wp-image-2287\" alt=\"\" srcset=\"https:\/\/aiguilhe.fr\/wp-content\/uploads\/2022\/09\/creche-enfant-1024x768.jpg 1024w, https:\/\/aiguilhe.fr\/wp-content\/uploads\/2022\/09\/creche-enfant-300x225.jpg 300w, https:\/\/aiguilhe.fr\/wp-content\/uploads\/2022\/09\/creche-enfant-768x576.jpg 768w, https:\/\/aiguilhe.fr\/wp-content\/uploads\/2022\/09\/creche-enfant-1536x1152.jpg 1536w, https:\/\/aiguilhe.fr\/wp-content\/uploads\/2022\/09\/creche-enfant-2048x1536.jpg 2048w\" sizes=\"(max-width: 1024px) 100vw, 1024px\" \/>\t\t\t\t\t\t\t\t<\/a>\n\t\t\t\t\t\t\t\t\t\t\t\t\t\t\t<\/div>\n\t\t\t\t<\/div>\n\t\t\t\t\t<\/div>\n\t\t<\/div>\n\t\t\t\t<div class=\"elementor-column elementor-col-50 elementor-top-column elementor-element elementor-element-1539961\" data-id=\"1539961\" data-element_type=\"column\" data-e-type=\"column\">\n\t\t\t<div class=\"elementor-widget-wrap elementor-element-populated\">\n\t\t\t\t\t\t<div class=\"elementor-element elementor-element-37968b8 elementor-widget elementor-widget-text-editor\" data-id=\"37968b8\" data-element_type=\"widget\" data-e-type=\"widget\" data-widget_type=\"text-editor.default\">\n\t\t\t\t<div class=\"elementor-widget-container\">\n\t\t\t\t\t\t\t\t\t<p>L\u2019accueil peut \u00eatre r\u00e9gulier, occasionnel ou m\u00eame d\u2019urgence (en r\u00e9pondant \u00e0 un besoin ponctuel des familles : hospitalisation d\u2019un parent, formation ou prise en charge de l\u2019enfant durant les cong\u00e9s ou les formations de son assistante maternelle).<br \/>Un local est pr\u00e9vu pour le Relais Petite Enfance, afin de programmer des animations, ind\u00e9pendamment de la salle d\u2019\u00e9veil de la micro-cr\u00e8che.<br \/>Pour tout renseignement, vous pouvez contacter Agn\u00e8s ALLART au 07 86 11 82 64 ou directement la micro-cr\u00e8che au 04 71 06 11 29.<\/p><p>Depuis 2019, la communaut\u00e9 d\u2019Agglom\u00e9ration en lien avec la CAF Haute-Loire, a mis en place un guichet petite enfance pour toutes les demandes d\u2019accueil. Pour plus d\u2019informations :<br \/><a href=\"https:\/\/www.agglo-lepuyenvelay.fr\/petite-enfance-inscrire-son-enfant\/#:~:text=Contacter%20le%20guichet%20petite%20enfance%20au%20%3A%2004.71.02.49.77.\" target=\"_blank\" rel=\"noopener\"><strong>https:\/\/www.agglo-lepuyenvelay.fr\/petite-enfance-inscrire-son-enfant\/#:~:text=Contacter%20le%20guichet%20petite%20enfance%20au%20%3A%2004.71.02.49.77.<\/strong><\/a><\/p>\t\t\t\t\t\t\t\t<\/div>\n\t\t\t\t<\/div>\n\t\t\t\t\t<\/div>\n\t\t<\/div>\n\t\t\t\t\t<\/div>\n\t\t<\/section>\n\t\t\t\t<\/div>\n\t\t","protected":false},"excerpt":{"rendered":"<p>Micro-cr\u00e8che \u00e0 Aiguilhe Micro-cr\u00e8che de Fil en Aiguilhe La micro-cr\u00e8che d\u2019Aiguilhe propose \u00e0 chaque enfant, selon son rythme, d\u2019acqu\u00e9rir suffisamment de rep\u00e8res et d\u2019assurance qui lui permettront d\u2019appr\u00e9hender sa future vie en collectivit\u00e9 avec ses imp\u00e9ratifs. L\u2019agr\u00e9ment est actuellement de 10 enfants. La micro-cr\u00e8che est ouverte du lundi au vendredi de 7h30 \u00e0 18h30. \u00a0 [&hellip;]<\/p>\n","protected":false},"author":4,"featured_media":0,"parent":0,"menu_order":0,"comment_status":"closed","ping_status":"closed","template":"","meta":{"ocean_post_layout":"full-screen","ocean_both_sidebars_style":"","ocean_both_sidebars_content_width":0,"ocean_both_sidebars_sidebars_width":0,"ocean_sidebar":"0","ocean_second_sidebar":"0","ocean_disable_margins":"on","ocean_add_body_class":"","ocean_shortcode_before_top_bar":"","ocean_shortcode_after_top_bar":"","ocean_shortcode_before_header":"","ocean_shortcode_after_header":"","ocean_has_shortcode":"","ocean_shortcode_after_title":"","ocean_shortcode_before_footer_widgets":"","ocean_shortcode_after_footer_widgets":"","ocean_shortcode_before_footer_bottom":"","ocean_shortcode_after_footer_bottom":"","ocean_display_top_bar":"default","ocean_display_header":"default","ocean_header_style":"","ocean_center_header_left_menu":"0","ocean_custom_header_template":"0","ocean_custom_logo":0,"ocean_custom_retina_logo":0,"ocean_custom_logo_max_width":0,"ocean_custom_logo_tablet_max_width":0,"ocean_custom_logo_mobile_max_width":0,"ocean_custom_logo_max_height":0,"ocean_custom_logo_tablet_max_height":0,"ocean_custom_logo_mobile_max_height":0,"ocean_header_custom_menu":"0","ocean_menu_typo_font_family":"0","ocean_menu_typo_font_subset":"","ocean_menu_typo_font_size":0,"ocean_menu_typo_font_size_tablet":0,"ocean_menu_typo_font_size_mobile":0,"ocean_menu_typo_font_size_unit":"px","ocean_menu_typo_font_weight":"","ocean_menu_typo_font_weight_tablet":"","ocean_menu_typo_font_weight_mobile":"","ocean_menu_typo_transform":"","ocean_menu_typo_transform_tablet":"","ocean_menu_typo_transform_mobile":"","ocean_menu_typo_line_height":0,"ocean_menu_typo_line_height_tablet":0,"ocean_menu_typo_line_height_mobile":0,"ocean_menu_typo_line_height_unit":"","ocean_menu_typo_spacing":0,"ocean_menu_typo_spacing_tablet":0,"ocean_menu_typo_spacing_mobile":0,"ocean_menu_typo_spacing_unit":"","ocean_menu_link_color":"","ocean_menu_link_color_hover":"","ocean_menu_link_color_active":"","ocean_menu_link_background":"","ocean_menu_link_hover_background":"","ocean_menu_link_active_background":"","ocean_menu_social_links_bg":"","ocean_menu_social_hover_links_bg":"","ocean_menu_social_links_color":"","ocean_menu_social_hover_links_color":"","ocean_disable_title":"on","ocean_disable_heading":"default","ocean_post_title":"","ocean_post_subheading":"","ocean_post_title_style":"","ocean_post_title_background_color":"","ocean_post_title_background":0,"ocean_post_title_bg_image_position":"","ocean_post_title_bg_image_attachment":"","ocean_post_title_bg_image_repeat":"","ocean_post_title_bg_image_size":"","ocean_post_title_height":0,"ocean_post_title_bg_overlay":0.5,"ocean_post_title_bg_overlay_color":"","ocean_disable_breadcrumbs":"default","ocean_breadcrumbs_color":"","ocean_breadcrumbs_separator_color":"","ocean_breadcrumbs_links_color":"","ocean_breadcrumbs_links_hover_color":"","ocean_display_footer_widgets":"default","ocean_display_footer_bottom":"default","ocean_custom_footer_template":"0","footnotes":""},"class_list":["post-2275","page","type-page","status-publish","hentry","entry"],"yoast_head":"<!-- This site is optimized with the Yoast SEO plugin v27.5 - https:\/\/yoast.com\/product\/yoast-seo-wordpress\/ -->\n<title>Micro-cr\u00e8che &#8226; Commune d&#039;Aiguilhe<\/title>\n<meta name=\"robots\" content=\"index, follow, max-snippet:-1, max-image-preview:large, max-video-preview:-1\" \/>\n<link rel=\"canonical\" href=\"https:\/\/aiguilhe.fr\/index.php\/micro-creche\/\" \/>\n<meta property=\"og:locale\" content=\"fr_FR\" \/>\n<meta property=\"og:type\" content=\"article\" \/>\n<meta property=\"og:title\" content=\"Micro-cr\u00e8che &#8226; Commune d&#039;Aiguilhe\" \/>\n<meta property=\"og:description\" content=\"Micro-cr\u00e8che \u00e0 Aiguilhe Micro-cr\u00e8che de Fil en Aiguilhe La micro-cr\u00e8che d\u2019Aiguilhe propose \u00e0 chaque enfant, selon son rythme, d\u2019acqu\u00e9rir suffisamment de rep\u00e8res et d\u2019assurance qui lui permettront d\u2019appr\u00e9hender sa future vie en collectivit\u00e9 avec ses imp\u00e9ratifs. L\u2019agr\u00e9ment est actuellement de 10 enfants. La micro-cr\u00e8che est ouverte du lundi au vendredi de 7h30 \u00e0 18h30. \u00a0 [&hellip;]\" \/>\n<meta property=\"og:url\" content=\"https:\/\/aiguilhe.fr\/index.php\/micro-creche\/\" \/>\n<meta property=\"og:site_name\" content=\"Commune d&#039;Aiguilhe\" \/>\n<meta property=\"article:modified_time\" content=\"2024-06-06T09:10:56+00:00\" \/>\n<meta property=\"og:image\" content=\"https:\/\/aiguilhe.fr\/wp-content\/uploads\/2022\/09\/P1030448-1024x768.jpg\" \/>\n<meta name=\"twitter:card\" content=\"summary_large_image\" \/>\n<meta name=\"twitter:label1\" content=\"Dur\u00e9e de lecture estim\u00e9e\" \/>\n\t<meta name=\"twitter:data1\" content=\"3 minutes\" \/>\n<script type=\"application\/ld+json\" class=\"yoast-schema-graph\">{\"@context\":\"https:\\\/\\\/schema.org\",\"@graph\":[{\"@type\":\"WebPage\",\"@id\":\"https:\\\/\\\/aiguilhe.fr\\\/index.php\\\/micro-creche\\\/\",\"url\":\"https:\\\/\\\/aiguilhe.fr\\\/index.php\\\/micro-creche\\\/\",\"name\":\"Micro-cr\u00e8che &#8226; Commune d&#039;Aiguilhe\",\"isPartOf\":{\"@id\":\"https:\\\/\\\/aiguilhe.fr\\\/#website\"},\"primaryImageOfPage\":{\"@id\":\"https:\\\/\\\/aiguilhe.fr\\\/index.php\\\/micro-creche\\\/#primaryimage\"},\"image\":{\"@id\":\"https:\\\/\\\/aiguilhe.fr\\\/index.php\\\/micro-creche\\\/#primaryimage\"},\"thumbnailUrl\":\"https:\\\/\\\/aiguilhe.fr\\\/wp-content\\\/uploads\\\/2022\\\/09\\\/P1030448-1024x768.jpg\",\"datePublished\":\"2022-09-02T12:21:58+00:00\",\"dateModified\":\"2024-06-06T09:10:56+00:00\",\"breadcrumb\":{\"@id\":\"https:\\\/\\\/aiguilhe.fr\\\/index.php\\\/micro-creche\\\/#breadcrumb\"},\"inLanguage\":\"fr-FR\",\"potentialAction\":[{\"@type\":\"ReadAction\",\"target\":[\"https:\\\/\\\/aiguilhe.fr\\\/index.php\\\/micro-creche\\\/\"]}]},{\"@type\":\"ImageObject\",\"inLanguage\":\"fr-FR\",\"@id\":\"https:\\\/\\\/aiguilhe.fr\\\/index.php\\\/micro-creche\\\/#primaryimage\",\"url\":\"https:\\\/\\\/aiguilhe.fr\\\/wp-content\\\/uploads\\\/2022\\\/09\\\/P1030448-scaled.jpg\",\"contentUrl\":\"https:\\\/\\\/aiguilhe.fr\\\/wp-content\\\/uploads\\\/2022\\\/09\\\/P1030448-scaled.jpg\",\"width\":2560,\"height\":1920},{\"@type\":\"BreadcrumbList\",\"@id\":\"https:\\\/\\\/aiguilhe.fr\\\/index.php\\\/micro-creche\\\/#breadcrumb\",\"itemListElement\":[{\"@type\":\"ListItem\",\"position\":1,\"name\":\"Accueil\",\"item\":\"https:\\\/\\\/aiguilhe.fr\\\/\"},{\"@type\":\"ListItem\",\"position\":2,\"name\":\"Micro-cr\u00e8che\"}]},{\"@type\":\"WebSite\",\"@id\":\"https:\\\/\\\/aiguilhe.fr\\\/#website\",\"url\":\"https:\\\/\\\/aiguilhe.fr\\\/\",\"name\":\"Commune d&#039;Aiguilhe\",\"description\":\"Commune de haute-loire\",\"publisher\":{\"@id\":\"https:\\\/\\\/aiguilhe.fr\\\/#organization\"},\"potentialAction\":[{\"@type\":\"SearchAction\",\"target\":{\"@type\":\"EntryPoint\",\"urlTemplate\":\"https:\\\/\\\/aiguilhe.fr\\\/?s={search_term_string}\"},\"query-input\":{\"@type\":\"PropertyValueSpecification\",\"valueRequired\":true,\"valueName\":\"search_term_string\"}}],\"inLanguage\":\"fr-FR\"},{\"@type\":\"Organization\",\"@id\":\"https:\\\/\\\/aiguilhe.fr\\\/#organization\",\"name\":\"Commune d&#039;Aiguilhe\",\"url\":\"https:\\\/\\\/aiguilhe.fr\\\/\",\"logo\":{\"@type\":\"ImageObject\",\"inLanguage\":\"fr-FR\",\"@id\":\"https:\\\/\\\/aiguilhe.fr\\\/#\\\/schema\\\/logo\\\/image\\\/\",\"url\":\"https:\\\/\\\/aiguilhe.fr\\\/wp-content\\\/uploads\\\/2022\\\/06\\\/cropped-logo-1.jpg\",\"contentUrl\":\"https:\\\/\\\/aiguilhe.fr\\\/wp-content\\\/uploads\\\/2022\\\/06\\\/cropped-logo-1.jpg\",\"width\":106,\"height\":84,\"caption\":\"Commune d&#039;Aiguilhe\"},\"image\":{\"@id\":\"https:\\\/\\\/aiguilhe.fr\\\/#\\\/schema\\\/logo\\\/image\\\/\"}}]}<\/script>\n<!-- \/ Yoast SEO plugin. -->","yoast_head_json":{"title":"Micro-cr\u00e8che &#8226; Commune d&#039;Aiguilhe","robots":{"index":"index","follow":"follow","max-snippet":"max-snippet:-1","max-image-preview":"max-image-preview:large","max-video-preview":"max-video-preview:-1"},"canonical":"https:\/\/aiguilhe.fr\/index.php\/micro-creche\/","og_locale":"fr_FR","og_type":"article","og_title":"Micro-cr\u00e8che &#8226; Commune d&#039;Aiguilhe","og_description":"Micro-cr\u00e8che \u00e0 Aiguilhe Micro-cr\u00e8che de Fil en Aiguilhe La micro-cr\u00e8che d\u2019Aiguilhe propose \u00e0 chaque enfant, selon son rythme, d\u2019acqu\u00e9rir suffisamment de rep\u00e8res et d\u2019assurance qui lui permettront d\u2019appr\u00e9hender sa future vie en collectivit\u00e9 avec ses imp\u00e9ratifs. L\u2019agr\u00e9ment est actuellement de 10 enfants. La micro-cr\u00e8che est ouverte du lundi au vendredi de 7h30 \u00e0 18h30. \u00a0 [&hellip;]","og_url":"https:\/\/aiguilhe.fr\/index.php\/micro-creche\/","og_site_name":"Commune d&#039;Aiguilhe","article_modified_time":"2024-06-06T09:10:56+00:00","og_image":[{"url":"https:\/\/aiguilhe.fr\/wp-content\/uploads\/2022\/09\/P1030448-1024x768.jpg","type":"","width":"","height":""}],"twitter_card":"summary_large_image","twitter_misc":{"Dur\u00e9e de lecture estim\u00e9e":"3 minutes"},"schema":{"@context":"https:\/\/schema.org","@graph":[{"@type":"WebPage","@id":"https:\/\/aiguilhe.fr\/index.php\/micro-creche\/","url":"https:\/\/aiguilhe.fr\/index.php\/micro-creche\/","name":"Micro-cr\u00e8che &#8226; Commune d&#039;Aiguilhe","isPartOf":{"@id":"https:\/\/aiguilhe.fr\/#website"},"primaryImageOfPage":{"@id":"https:\/\/aiguilhe.fr\/index.php\/micro-creche\/#primaryimage"},"image":{"@id":"https:\/\/aiguilhe.fr\/index.php\/micro-creche\/#primaryimage"},"thumbnailUrl":"https:\/\/aiguilhe.fr\/wp-content\/uploads\/2022\/09\/P1030448-1024x768.jpg","datePublished":"2022-09-02T12:21:58+00:00","dateModified":"2024-06-06T09:10:56+00:00","breadcrumb":{"@id":"https:\/\/aiguilhe.fr\/index.php\/micro-creche\/#breadcrumb"},"inLanguage":"fr-FR","potentialAction":[{"@type":"ReadAction","target":["https:\/\/aiguilhe.fr\/index.php\/micro-creche\/"]}]},{"@type":"ImageObject","inLanguage":"fr-FR","@id":"https:\/\/aiguilhe.fr\/index.php\/micro-creche\/#primaryimage","url":"https:\/\/aiguilhe.fr\/wp-content\/uploads\/2022\/09\/P1030448-scaled.jpg","contentUrl":"https:\/\/aiguilhe.fr\/wp-content\/uploads\/2022\/09\/P1030448-scaled.jpg","width":2560,"height":1920},{"@type":"BreadcrumbList","@id":"https:\/\/aiguilhe.fr\/index.php\/micro-creche\/#breadcrumb","itemListElement":[{"@type":"ListItem","position":1,"name":"Accueil","item":"https:\/\/aiguilhe.fr\/"},{"@type":"ListItem","position":2,"name":"Micro-cr\u00e8che"}]},{"@type":"WebSite","@id":"https:\/\/aiguilhe.fr\/#website","url":"https:\/\/aiguilhe.fr\/","name":"Commune d&#039;Aiguilhe","description":"Commune de haute-loire","publisher":{"@id":"https:\/\/aiguilhe.fr\/#organization"},"potentialAction":[{"@type":"SearchAction","target":{"@type":"EntryPoint","urlTemplate":"https:\/\/aiguilhe.fr\/?s={search_term_string}"},"query-input":{"@type":"PropertyValueSpecification","valueRequired":true,"valueName":"search_term_string"}}],"inLanguage":"fr-FR"},{"@type":"Organization","@id":"https:\/\/aiguilhe.fr\/#organization","name":"Commune d&#039;Aiguilhe","url":"https:\/\/aiguilhe.fr\/","logo":{"@type":"ImageObject","inLanguage":"fr-FR","@id":"https:\/\/aiguilhe.fr\/#\/schema\/logo\/image\/","url":"https:\/\/aiguilhe.fr\/wp-content\/uploads\/2022\/06\/cropped-logo-1.jpg","contentUrl":"https:\/\/aiguilhe.fr\/wp-content\/uploads\/2022\/06\/cropped-logo-1.jpg","width":106,"height":84,"caption":"Commune d&#039;Aiguilhe"},"image":{"@id":"https:\/\/aiguilhe.fr\/#\/schema\/logo\/image\/"}}]}},"_links":{"self":[{"href":"https:\/\/aiguilhe.fr\/index.php\/wp-json\/wp\/v2\/pages\/2275","targetHints":{"allow":["GET"]}}],"collection":[{"href":"https:\/\/aiguilhe.fr\/index.php\/wp-json\/wp\/v2\/pages"}],"about":[{"href":"https:\/\/aiguilhe.fr\/index.php\/wp-json\/wp\/v2\/types\/page"}],"author":[{"embeddable":true,"href":"https:\/\/aiguilhe.fr\/index.php\/wp-json\/wp\/v2\/users\/4"}],"replies":[{"embeddable":true,"href":"https:\/\/aiguilhe.fr\/index.php\/wp-json\/wp\/v2\/comments?post=2275"}],"version-history":[{"count":12,"href":"https:\/\/aiguilhe.fr\/index.php\/wp-json\/wp\/v2\/pages\/2275\/revisions"}],"predecessor-version":[{"id":10815,"href":"https:\/\/aiguilhe.fr\/index.php\/wp-json\/wp\/v2\/pages\/2275\/revisions\/10815"}],"wp:attachment":[{"href":"https:\/\/aiguilhe.fr\/index.php\/wp-json\/wp\/v2\/media?parent=2275"}],"curies":[{"name":"wp","href":"https:\/\/api.w.org\/{rel}","templated":true}]}}